{"id":3,"date":"2023-05-30T14:21:21","date_gmt":"2023-05-30T17:21:21","guid":{"rendered":"http:\/\/ceibchapeco.com.br\/fundamental\/?page_id=3"},"modified":"2024-07-08T11:26:11","modified_gmt":"2024-07-08T14:26:11","slug":"politica-de-privacidade","status":"publish","type":"page","link":"https:\/\/ceibchapeco.com.br\/fundamental\/politica-de-privacidade\/","title":{"rendered":"Pol\u00edtica de privacidade"},"content":{"rendered":"\n<p><strong>POL\u00cdTICA DE PRIVACIDADE<\/strong><\/p>\n\n\n\n<p>Esta Pol\u00edtica de Privacidade indica como os dados pessoais s\u00e3o tratados em raz\u00e3o da contrata\u00e7\u00e3o e uso dos servi\u00e7os, plataformas virtuais de aprendizagem, aplicativos, produtos e demais recursos ofertados pela Escola CEIB e seus parceiros. Ao utilizar nossos Servi\u00e7os, o usu\u00e1rio concorda com esta Pol\u00edtica, autorizando a Escola a tratar os seus dados pessoais da forma necess\u00e1ria \u00e0 adequada presta\u00e7\u00e3o dos Servi\u00e7os, de acordo com esta Pol\u00edtica e com a Lei Geral de Prote\u00e7\u00e3o de Dados n\u00ba 13.709\/2018.<\/p>\n\n\n\n<ol>\n<li><strong><\/strong><strong>DADOS COLETADOS<\/strong><\/li>\n<\/ol>\n\n\n\n<p>Dados coletados e utilizados na presta\u00e7\u00e3o e aprimoramento dos Servi\u00e7os podem ser considerados enquanto dados pessoais:<\/p>\n\n\n\n<ul>\n<li>Dados Cadastrais: nome completo, documentos de identidade, data de nascimento, endere\u00e7o, e-mail, filia\u00e7\u00e3o, n\u00famero de telefone, conta de usu\u00e1rio, dados de perfil, login e senha;<\/li>\n\n\n\n<li>Dados de Identifica\u00e7\u00e3o Digital: hist\u00f3rico e registro de navega\u00e7\u00e3o, informa\u00e7\u00f5es sobre IP, hora e data de acesso, geolocaliza\u00e7\u00e3o, dados sobre dispositivo de acesso e cookies;<\/li>\n\n\n\n<li>Dados de Uso: incluem informa\u00e7\u00f5es sobre como voc\u00ea usa nosso Servi\u00e7o;<\/li>\n\n\n\n<li>Dados Biom\u00e9tricos: foto de documentos e fotos pessoais;<\/li>\n\n\n\n<li>Dados de Comunica\u00e7\u00e3o: comunica\u00e7\u00e3o por meio de aplicativos relacionados, direta ou indiretamente aos Servi\u00e7os, compreendendo mensagens de textos ou outras comunica\u00e7\u00f5es, o conte\u00fado destas e a data e hora em que ocorreram;<\/li>\n<\/ul>\n\n\n\n<p>Caso a Escola CEIB venha a tratar quaisquer dados sens\u00edveis eventualmente coletados, exclusivamente com o objetivo de prover seguran\u00e7a e aprimorar os Servi\u00e7os, seu titular ser\u00e1 devidamente notificado.<\/p>\n\n\n\n<p>Ao acessar os recursos vinculados aos Servi\u00e7os, a Escola CEIB pode coletar dados de forma autom\u00e1tica, como Dados Identifica\u00e7\u00e3o Digital e Dados de Uso, por meio de cookies, registros em servi\u00e7os, aplica\u00e7\u00f5es, softwares e tecnologias semelhantes.<\/p>\n\n\n\n<ul>\n<li><strong><\/strong><strong><u>FINALIDADE DE USO<\/u><\/strong><\/li>\n<\/ul>\n\n\n\n<p>Os dados pessoais coletados s\u00e3o utilizados de acordo com as seguintes finalidades e fundamenta\u00e7\u00f5es legais, as quais autorizam o seu tratamento:<\/p>\n\n\n\n<figure class=\"wp-block-table\"><table><tbody><tr><td><strong>DADOS PESSOAIS<\/strong><\/td><td>Dados de Identidade, <s>Dados Financeiros<\/s>, Dados Identifica\u00e7\u00e3o Digital, Dados de Uso, Dados Biom\u00e9tricos, <s>Dados de Ve\u00edculos<\/s> e Dados de Comunica\u00e7\u00e3o.<\/td><\/tr><tr><td><strong>FINALIDADE<\/strong><\/td><td>Presta\u00e7\u00e3o dos Servi\u00e7os, verifica\u00e7\u00e3o de identidade, an\u00e1lise de dados, controle de acesso, preven\u00e7\u00e3o e manuten\u00e7\u00e3o da seguran\u00e7a e sa\u00fade de usu\u00e1rios e benefici\u00e1rios dos Servi\u00e7os, emiss\u00e3o de documentos oficiais, manuten\u00e7\u00e3o de sistemas, hospedagem de dados e cumprimento de obriga\u00e7\u00f5es legais e regulat\u00f3rias.<\/td><\/tr><tr><td><strong>FUNDAMENTA\u00c7\u00c3O LEGAL<\/strong><\/td><td>Obriga\u00e7\u00e3o legal, cumprimento contratual e leg\u00edtimo interesse (desenvolvimento e aprimoramento dos Servi\u00e7os).<\/td><\/tr><\/tbody><\/table><\/figure>\n\n\n\n<figure class=\"wp-block-table\"><table><tbody><tr><td><strong>DADOS PESSOAIS<\/strong><\/td><td>Dados de Identidade, <s>Dados Financeiros<\/s>, Dados Identifica\u00e7\u00e3o Digital, Dados de Uso e Dados de Comunica\u00e7\u00e3o.<\/td><\/tr><tr><td><strong>FINALIDADE<\/strong><\/td><td>Aprimoramento dos Servi\u00e7os, realiza\u00e7\u00e3o de opera\u00e7\u00f5es internas necess\u00e1rias \u00e0 presta\u00e7\u00e3o dos Servi\u00e7os, an\u00e1lise do perfil do usu\u00e1rio, pesquisa e desenvolvimento para fins pedag\u00f3gicos e educacionais.<\/td><\/tr><tr><td><strong>FUNDAMENTA\u00c7\u00c3O LEGAL<\/strong><\/td><td>Leg\u00edtimo interesse (desenvolvimento e aprimoramento dos Servi\u00e7os).<\/td><\/tr><\/tbody><\/table><\/figure>\n\n\n\n<figure class=\"wp-block-table\"><table><tbody><tr><td><strong>DADOS PESSOAIS<\/strong><\/td><td>Dados de Identidade, <s>Dados Financeiros<\/s>, Dados Identifica\u00e7\u00e3o Digital, Dados de Uso, Dados Biom\u00e9tricos e Dados de Comunica\u00e7\u00e3o.<\/td><\/tr><tr><td><strong>FINALIDADE<\/strong><\/td><td>Gerenciamento do relacionamento com clientes e usu\u00e1rios dos Servi\u00e7os, atendimento em todos os canais de comunica\u00e7\u00e3o da Escola e atendimento e suporte ao cliente.<\/td><\/tr><tr><td><strong>FUNDAMENTA\u00c7\u00c3O LEGAL<\/strong><\/td><td>Obriga\u00e7\u00e3o legal, cumprimento contratual e leg\u00edtimo interesse (desenvolver e aprimorar dos Servi\u00e7os).<\/td><\/tr><\/tbody><\/table><\/figure>\n\n\n\n<figure class=\"wp-block-table\"><table><tbody><tr><td><strong>DADOS PESSOAIS<\/strong><\/td><td>Dados de Identidade.<\/td><\/tr><tr><td><strong>FINALIDADE<\/strong><\/td><td>Envio de comunica\u00e7\u00f5es de marketing por e-mail, mensagem ou qualquer outro meio.<\/td><\/tr><tr><td><strong>FUNDAMENTA\u00c7\u00c3O LEGAL<\/strong><\/td><td>Consentimento.&nbsp;<\/td><\/tr><\/tbody><\/table><\/figure>\n\n\n\n<p>Na hip\u00f3tese de consentimento para o tratamento de dados pessoais, a qualquer momento seu titular pode revog\u00e1-lo por meio de solicita\u00e7\u00e3o e\/ou contato com a Escola CEIB.<\/p>\n\n\n\n<p>A recusa no fornecimento de dados pessoais necess\u00e1rios em decorr\u00eancia de lei, regula\u00e7\u00e3o ou contrato, pode impossibilitar a presta\u00e7\u00e3o dos Servi\u00e7os ou fazer com que estes sejam prestados de forma inadequada e insatisfat\u00f3ria.<\/p>\n\n\n\n<p>A Escola CEIB apenas utiliza dados pessoais para as finalidades segundo as quais estes foram coletados ou por qualquer outro motivo compat\u00edvel com a finalidade original. O tratamento de quaisquer dados pessoais com finalidade n\u00e3o relacionada originalmente ser\u00e1 objeto de notifica\u00e7\u00e3o espec\u00edfica ao titular.<\/p>\n\n\n\n<p>A Escola CEIB n\u00e3o vende nem compartilha dados pessoais com terceiros para fins de marketing direto, exceto mediante expresso consentimento de seu titular. Contudo, a Escola CEIB pode usar dados pessoais para a divulga\u00e7\u00e3o dos Servi\u00e7os, estudos, pesquisas e eventos por ela promovidos.<\/p>\n\n\n\n<p>A Escola CEIB pode usar dados para envio de comunicados relativos aos Servi\u00e7os, altera\u00e7\u00f5es em seus termos, condi\u00e7\u00f5es e\/ou pol\u00edticas aplic\u00e1veis, ou ainda, para envio outras comunica\u00e7\u00f5es de cunho informativo, sem finalidade promocional e\/ou publicit\u00e1ria.<\/p>\n\n\n\n<ul>\n<li><strong><\/strong><strong>COOKIES E TECNOLOGIAS DE TERCEIROS<\/strong><\/li>\n<\/ul>\n\n\n\n<p>A Escola CEIB usa cookies e outras tecnologias de identifica\u00e7\u00e3o em seus apps, sites, e-mails e an\u00fancios online para as finalidades descritas nesta Pol\u00edtica.<\/p>\n\n\n\n<p>Os cookies s\u00e3o pequenos arquivos de texto armazenados em navegadores ou aparelhos por sites, apps, m\u00eddia online e an\u00fancios.<\/p>\n\n\n\n<p>A Escola CEIB usa cookies e tecnologias similares para autenticar usu\u00e1rios; lembrar prefer\u00eancias e configura\u00e7\u00f5es de usu\u00e1rios; determinar a popularidade de um conte\u00fado; divulgar e medir a efic\u00e1cia de campanhas de marketing; e analisar tend\u00eancias e interesses das pessoas que interagem com os Servi\u00e7os.<\/p>\n\n\n\n<ul>\n<li><strong><\/strong><strong>COMPARTILHAMENTO DE DADOS<\/strong><\/li>\n<\/ul>\n\n\n\n<p>A Escola CEIB pode atuar em conjunto com outras empresas para disponibilizar recursos e aplicativos que podem ser utilizados de forma relacionada aos Servi\u00e7os, podendo envolver o compartilhamento de dados pessoais. Dessa forma, os dados pessoais coletados podem ser compartilhados com empresas do mesmo grupo econ\u00f4mico; processadores de pagamento; agentes de preven\u00e7\u00e3o a fraudes; ag\u00eancias de n\u00famero de identifica\u00e7\u00e3o fiscal; plataforma de remetentes de e-mails em massa; provedores de armazenamento em nuvem; fornecedores de aplicativos, softwares e plataformas educacionais. Contudo, a Escola CEIB somente compartilha dados pessoais coletados com empresas que asseguram o cumprimento dos padr\u00f5es m\u00ednimos de seguran\u00e7a e da lei de prote\u00e7\u00e3o de dados pessoais.<\/p>\n\n\n\n<p>Dados pessoais podem ser compartilhados com \u00f3rg\u00e3os estatais e ag\u00eancias reguladoras para o cumprimento de obriga\u00e7\u00f5es legais e regulat\u00f3rias \u00e0s quais a Escola CEIB est\u00e1 submetida.<\/p>\n\n\n\n<p>Em hip\u00f3tese alguma, a Escola CEIB licencia, vende ou transfere dados pessoais a qualquer terceiro, visando a obten\u00e7\u00e3o de lucro ou de forma contr\u00e1ria a esta Pol\u00edtica.<\/p>\n\n\n\n<ul>\n<li><strong><\/strong><strong>TRANSFER\u00caNCIA DE DADOS<\/strong><\/li>\n<\/ul>\n\n\n\n<p>Os dados pessoais s\u00e3o coletados de acordo com a lei brasileira. Na eventualidade de contrata\u00e7\u00e3o de servi\u00e7os de provimento de dados e informa\u00e7\u00f5es alocados internacionalmente, a Escola CEIB assegura que dados pessoais dos usu\u00e1rios de seus Servi\u00e7os apenas ser\u00e3o transferidos se observados os crit\u00e9rios de prote\u00e7\u00e3o previstos nesta Pol\u00edtica. Dessa forma, dados pessoais apenas ser\u00e3o transferidos para partes localizadas em pa\u00edses ou organiza\u00e7\u00f5es internacionais que legalmente possuam um grau adequado de prote\u00e7\u00e3o de dados ou que estejam de acordo as condi\u00e7\u00f5es contratuais m\u00ednimas exigidas pela empresa.<\/p>\n\n\n\n<ul>\n<li><strong><\/strong><strong>PRAZO DE ARMAZENAMENTO<\/strong><\/li>\n<\/ul>\n\n\n\n<p>A Escola CEIB mant\u00e9m os dados pessoais dos usu\u00e1rios de seus Servi\u00e7os pelo tempo necess\u00e1rio ao atendimento da finalidade para a qual foram coletados, inclusive para cumprimento de obriga\u00e7\u00f5es legais, regulat\u00f3rias, fiscais ou contratuais. Caso determinados dados deixem de ser necess\u00e1rios a determinada finalidade, ser\u00e3o exclu\u00eddos ou anonimizados.<\/p>\n\n\n\n<p>N\u00e3o ser\u00e1 poss\u00edvel a exclus\u00e3o ou anonimiza\u00e7\u00e3o de dados pessoais cujo armazenamento seja determinado por lei ou autoridade regulat\u00f3ria.<\/p>\n\n\n\n<ul>\n<li><strong><\/strong><strong>SEGURAN\u00c7A DE DADOS PESSOAIS<\/strong><\/li>\n<\/ul>\n\n\n\n<p>A Escola CEIB o adota medidas de seguran\u00e7a apropriadas para impedir que dados pessoais sejam acidentalmente perdidos, usados ou acessados de maneira n\u00e3o autorizada, alterados ou divulgados. Os dados pessoais coletados dos usu\u00e1rios dos Servi\u00e7os ofertados pela Escola CEIB s\u00e3o acessados por empregados, agentes, contratados e outros terceiros apenas no limite necess\u00e1rio para execu\u00e7\u00e3o de determinada atividade, de acordo com instru\u00e7\u00f5es da empresa e sob dever de sigilo e confidencialidade.<\/p>\n\n\n\n<p>A Escola CEIB adota padr\u00f5es de seguran\u00e7a de informa\u00e7\u00e3o e possui procedimentos aplic\u00e1veis a viola\u00e7\u00e3o de dados pessoais, sendo que, na medida da imposi\u00e7\u00e3o legal aplic\u00e1vel, qualquer suspeita ser\u00e1 objeto de notifica\u00e7\u00e3o ao seu titular e \u00e0 autoridade reguladora competente.<\/p>\n\n\n\n<ul>\n<li><strong><\/strong><strong>DIREITOS DO TITULAR<\/strong><\/li>\n<\/ul>\n\n\n\n<p>Por meio dos canais indicados nesta Pol\u00edtica, ao titular de dados pessoais, usu\u00e1rio dos Servi\u00e7os, \u00e9 facultado:<\/p>\n\n\n\n<ul>\n<li>solicitar a exibi\u00e7\u00e3o, atualiza\u00e7\u00e3o ou retifica\u00e7\u00e3o de seus dados pessoais;<\/li>\n\n\n\n<li>requerer a limita\u00e7\u00e3o do uso de seus dados pessoais;<\/li>\n\n\n\n<li>manifestar sua oposi\u00e7\u00e3o ao uso de seus dados pessoais;<\/li>\n\n\n\n<li>solicitar a exclus\u00e3o de seus dados pessoais coletados, desde que n\u00e3o haja preju\u00edzo ou impedimento \u00e0 presta\u00e7\u00e3o dos Servi\u00e7os, tenha decorrido o prazo legal m\u00ednimo relacionado \u00e0 guarda de dados e inexista qualquer obriga\u00e7\u00e3o legal ou regulat\u00f3ria ao armazenamento ou guarda permanente dos dados.<\/li>\n<\/ul>\n\n\n\n<p>Solicita\u00e7\u00f5es relacionadas a dados pessoais devem ser apresentadas por escrito, pelo pr\u00f3prio titular ou por meio de representante legal, por meio dos canais oficiais de comunica\u00e7\u00e3o da Escola. Como medida de seguran\u00e7a, a fim de garantir que seus dados pessoais n\u00e3o sejam divulgados a terceiros n\u00e3o autorizados, poder-se-\u00e1 solicitar informa\u00e7\u00f5es adicionais para confirmar a identidade do solicitante. As solicita\u00e7\u00f5es ser\u00e3o atendidas em prazos compat\u00edveis \u00e0s provid\u00eancias necess\u00e1rias e\/ou requisitadas.<\/p>\n\n\n\n<ul>\n<li><strong><\/strong><strong>DISPOSI\u00c7\u00d5ES FINAIS<\/strong><\/li>\n<\/ul>\n\n\n\n<p>Quaisquer altera\u00e7\u00f5es na Pol\u00edtica ser\u00e3o publicadas nesta p\u00e1gina e, quando apropriado, notificadas por e-mail.<\/p>\n\n\n\n<p>Em caso de d\u00favidas relacionadas a esta Pol\u00edtica ou exerc\u00edcio de direitos envolvendo aos seus dados, <a href=\"http:\/\/www.canalabertopositivo.com.br\" target=\"_blank\" rel=\"noreferrer noopener\"><strong>clique aqui<\/strong><\/a> [link contato].<\/p>\n\n\n\n<p>DPO\/Encarregado de dados: Ana Luiza Lorenzet da Silva<\/p>\n\n\n\n<p>E-mail: <a href=\"mailto:encarregado.escolaceib@gmail.com\">encarregado.escolaceib@gmail.com<\/a><\/p>\n\n\n\n<p>\u00daltima altera\u00e7\u00e3o: 20\/06\/2024.<\/p>\n\n\n\n<h2 class=\"wp-block-heading\"><strong>POL\u00cdTICA DE COOKIES<\/strong><\/h2>\n\n\n\n<ol>\n<li><strong><\/strong><strong>TERMOS E DEFINI\u00c7\u00d5ES<\/strong><\/li>\n<\/ol>\n\n\n\n<p>COOKIES: cookies s\u00e3o pequenos arquivos criados por sites que voc\u00ea visita e que s\u00e3o salvos no seu dispositivo, por meio do navegador. Esses arquivos cont\u00eam informa\u00e7\u00f5es que servem para identificar quem est\u00e1 visitando a p\u00e1gina, seja para personalizar de acordo com o perfil ou para facilitar a navega\u00e7\u00e3o de v\u00e1rias p\u00e1ginas dentro do mesmo site. Informa\u00e7\u00f5es que facilitam voc\u00ea navegar em v\u00e1rios sites na internet sem precisa o tempo todo configurar itens b\u00e1sicos, como o seu idioma de prefer\u00eancia, por exemplo.<\/p>\n\n\n\n<ul>\n<li><strong><\/strong><strong>DO ARMAZENAMENTO e USO DOS COOKIES<\/strong><\/li>\n<\/ul>\n\n\n\n<p>A Escola informa a todos os visitantes que utiliza cookies para facilitar a identifica\u00e7\u00e3o dos usu\u00e1rios, os quais s\u00e3o utilizados quando do acesso as nossas p\u00e1ginas e site.<\/p>\n\n\n\n<p>Utilizamos cookies prim\u00e1rios. Estes cookies s\u00e3o colocados no seu dispositivo pelo nosso site e s\u00e3o essenciais para uma boa navega\u00e7\u00e3o no site. Os cookies de sess\u00e3o s\u00e3o utilizados para manter a configura\u00e7\u00e3o de idioma e seguran\u00e7a durante o tempo de navega\u00e7\u00e3o. Ao fechar o navegador, os cookies s\u00e3o apagados do computador. Os cookies prim\u00e1rios persistentes ficam gravados no dispositivo at\u00e9 seu vencimento ou exclu\u00eddo do dispositivo. Este tipo de cookie \u00e9 utilizado para gravar as prefer\u00eancias do usu\u00e1rio em pr\u00f3ximos acessos, como por exemplo, o aceite do uso de cookies.<\/p>\n\n\n\n<p>Tamb\u00e9m utilizamos cookies de terceiros. Estes cookies s\u00e3o colocados no seu dispositivo n\u00e3o pelo site que voc\u00ea est\u00e1 visitando, mas por terceiros que fazem controles anal\u00edticos das visita\u00e7\u00f5es. Os cookies tempor\u00e1rios de terceiros s\u00e3o exclu\u00eddos do dispositivo quando o navegador \u00e9 fechado. Os cookies de terceiros persistentes s\u00e3o armazenados no dispositivo at\u00e9 seu vencimento ou exclus\u00e3o. Ambos s\u00e3o utilizados para verificar o tempo de utiliza\u00e7\u00e3o no site, os links que clicou, o tempo de espera para abrir um link entre outros. Esses dados s\u00e3o coletados de forma anonimizada, isto \u00e9, o titular n\u00e3o \u00e9 identificado.<\/p>\n\n\n\n<ul>\n<li><strong><\/strong><strong>EXCLUS\u00c3O DE COOKIES<\/strong><\/li>\n<\/ul>\n\n\n\n<p>O usu\u00e1rio pode definir as regras de utiliza\u00e7\u00e3o de cookies em seus dispositivos. Para cada navegador, h\u00e1 uma orienta\u00e7\u00e3o espec\u00edfica de como fazer. Para saber como gerenciar os cookies em seu navegador, consulte:<\/p>\n\n\n\n<p>Microsoft Edge:<br><a href=\"https:\/\/support.microsoft.com\/pt-br\/microsoft-edge\/excluir-cookies-no-microsoft-edge-63947406-40ac-c3b8-57b9-2a946a29ae09\">https:\/\/support.microsoft.com\/pt-br\/microsoft-edge\/excluir-cookies-no-microsoft-edge-63947406-40ac-c3b8-57b9-2a946a29ae09<\/a>&nbsp;<\/p>\n\n\n\n<p>Firefox:<br><a href=\"https:\/\/support.mozilla.org\/pt-BR\/kb\/desative-cookies-terceiros-impedir-rastreamento\">https:\/\/support.mozilla.org\/pt-BR\/kb\/desative-cookies-terceiros-impedir-rastreamento<\/a>&nbsp;<\/p>\n\n\n\n<p>Chrome:<br><a href=\"https:\/\/support.google.com\/chrome\/answer\/95647?co=GENIE.Platform%3DDesktop&amp;hl=pt-BR\">https:\/\/support.google.com\/chrome\/answer\/95647?co=GENIE.Platform%3DDesktop&amp;hl=pt-BR<\/a><a href=\"https:\/\/support.google.com\/chrome\/answer\/95647?co=GENIE.Pla????orm%3DDesktop&amp;hl=pt-BR\">&nbsp;<br><br><\/a><strong>&nbsp;4. DISPOSI\u00c7\u00d5ES FINAIS<\/strong><\/p>\n\n\n\n<p>A utiliza\u00e7\u00e3o dos aplicativos e o acesso aos portais e sites da Escola e seus parceiros implica no aceite, por parte dos usu\u00e1rios, das condi\u00e7\u00f5es e termos desta pol\u00edtica.<\/p>\n\n\n\n<p>A Escola se reserva ao direito de alterar, a qualquer momento, os termos desta Pol\u00edtica de Privacidade, sem nunca reduzir seus efeitos. As eventuais altera\u00e7\u00f5es ser\u00e3o publicadas neste site.<\/p>\n","protected":false},"excerpt":{"rendered":"<p>POL\u00cdTICA DE PRIVACIDADE Esta Pol\u00edtica de Privacidade indica como os dados pessoais s\u00e3o tratados em raz\u00e3o da contrata\u00e7\u00e3o e uso dos servi\u00e7os, plataformas virtuais de aprendizagem, aplicativos, produtos e demais recursos ofertados pela Escola CEIB e seus parceiros. Ao utilizar nossos Servi\u00e7os, o usu\u00e1rio concorda com esta Pol\u00edtica, autorizando a Escola a tratar os seus [&hellip;]<\/p>\n","protected":false},"author":1,"featured_media":0,"parent":0,"menu_order":0,"comment_status":"closed","ping_status":"open","template":"","meta":{"footnotes":""},"_links":{"self":[{"href":"https:\/\/ceibchapeco.com.br\/fundamental\/wp-json\/wp\/v2\/pages\/3"}],"collection":[{"href":"https:\/\/ceibchapeco.com.br\/fundamental\/wp-json\/wp\/v2\/pages"}],"about":[{"href":"https:\/\/ceibchapeco.com.br\/fundamental\/wp-json\/wp\/v2\/types\/page"}],"author":[{"embeddable":true,"href":"https:\/\/ceibchapeco.com.br\/fundamental\/wp-json\/wp\/v2\/users\/1"}],"replies":[{"embeddable":true,"href":"https:\/\/ceibchapeco.com.br\/fundamental\/wp-json\/wp\/v2\/comments?post=3"}],"version-history":[{"count":0,"href":"https:\/\/ceibchapeco.com.br\/fundamental\/wp-json\/wp\/v2\/pages\/3\/revisions"}],"wp:attachment":[{"href":"https:\/\/ceibchapeco.com.br\/fundamental\/wp-json\/wp\/v2\/media?parent=3"}],"curies":[{"name":"wp","href":"https:\/\/api.w.org\/{rel}","templated":true}]}}