{"id":28,"date":"2023-09-10T22:25:28","date_gmt":"2023-09-11T01:25:28","guid":{"rendered":"http:\/\/ceibchapeco.com.br\/fundamental\/?page_id=28"},"modified":"2024-01-25T22:35:49","modified_gmt":"2024-01-26T01:35:49","slug":"diferencias-pedagogi","status":"publish","type":"page","link":"https:\/\/ceibchapeco.com.br\/infantil\/diferencias-pedagogi\/","title":{"rendered":"Diferenciais Pedag\u00f3gicos"},"content":{"rendered":"\t\t<div data-elementor-type=\"wp-page\" data-elementor-id=\"28\" class=\"elementor elementor-28\" data-elementor-post-type=\"page\">\n\t\t\t\t\t\t\t<div class=\"elementor-element elementor-element-847fc0e e-flex e-con-boxed e-con e-parent\" data-id=\"847fc0e\" data-element_type=\"container\" data-settings=\"{&quot;background_background&quot;:&quot;classic&quot;,&quot;content_width&quot;:&quot;boxed&quot;,&quot;_ha_eqh_enable&quot;:false}\" data-core-v316-plus=\"true\">\n\t\t\t\t\t<div class=\"e-con-inner\">\n\t\t\t\t<div class=\"elementor-element elementor-element-38ba998 elementor-widget elementor-widget-heading\" data-id=\"38ba998\" data-element_type=\"widget\" data-widget_type=\"heading.default\">\n\t\t\t\t<div class=\"elementor-widget-container\">\n\t\t\t<style>\/*! elementor - v3.18.0 - 20-12-2023 *\/\n.elementor-heading-title{padding:0;margin:0;line-height:1}.elementor-widget-heading .elementor-heading-title[class*=elementor-size-]>a{color:inherit;font-size:inherit;line-height:inherit}.elementor-widget-heading .elementor-heading-title.elementor-size-small{font-size:15px}.elementor-widget-heading .elementor-heading-title.elementor-size-medium{font-size:19px}.elementor-widget-heading .elementor-heading-title.elementor-size-large{font-size:29px}.elementor-widget-heading .elementor-heading-title.elementor-size-xl{font-size:39px}.elementor-widget-heading .elementor-heading-title.elementor-size-xxl{font-size:59px}<\/style><h2 class=\"elementor-heading-title elementor-size-default\">Diferenciais Pedag\u00f3gicos<\/h2>\t\t<\/div>\n\t\t\t\t<\/div>\n\t\t\t\t\t<\/div>\n\t\t\t\t<\/div>\n\t\t<div class=\"elementor-element elementor-element-028bc0a e-flex e-con-boxed e-con e-parent\" data-id=\"028bc0a\" data-element_type=\"container\" data-settings=\"{&quot;content_width&quot;:&quot;boxed&quot;,&quot;_ha_eqh_enable&quot;:false}\" data-core-v316-plus=\"true\">\n\t\t\t\t\t<div class=\"e-con-inner\">\n\t\t\t\t<div class=\"elementor-element elementor-element-391b2e7 elementor-grid-3 elementor-grid-tablet-2 elementor-grid-mobile-1 elementor-posts--thumbnail-top elementor-widget elementor-widget-posts\" data-id=\"391b2e7\" data-element_type=\"widget\" data-settings=\"{&quot;classic_columns&quot;:&quot;3&quot;,&quot;classic_columns_tablet&quot;:&quot;2&quot;,&quot;classic_columns_mobile&quot;:&quot;1&quot;,&quot;classic_row_gap&quot;:{&quot;unit&quot;:&quot;px&quot;,&quot;size&quot;:35,&quot;sizes&quot;:[]},&quot;classic_row_gap_tablet&quot;:{&quot;unit&quot;:&quot;px&quot;,&quot;size&quot;:&quot;&quot;,&quot;sizes&quot;:[]},&quot;classic_row_gap_mobile&quot;:{&quot;unit&quot;:&quot;px&quot;,&quot;size&quot;:&quot;&quot;,&quot;sizes&quot;:[]}}\" data-widget_type=\"posts.classic\">\n\t\t\t\t<div class=\"elementor-widget-container\">\n\t\t\t<link rel=\"stylesheet\" href=\"https:\/\/ceibchapeco.com.br\/infantil\/wp-content\/plugins\/elementor-pro\/assets\/css\/widget-posts.min.css\">\t\t<div class=\"elementor-posts-container elementor-posts elementor-posts--skin-classic elementor-grid\">\n\t\t\t\t<article class=\"elementor-post elementor-grid-item post-1428 diferencias-pedagogi type-diferencias-pedagogi status-publish has-post-thumbnail hentry\">\n\t\t\t\t<a class=\"elementor-post__thumbnail__link\" href=\"https:\/\/ceibchapeco.com.br\/infantil\/diferencia-pedagogic\/contra-turno-escolar\/\" tabindex=\"-1\" >\n\t\t\t<div class=\"elementor-post__thumbnail\"><img fetchpriority=\"high\" decoding=\"async\" width=\"169\" height=\"300\" src=\"https:\/\/ceibchapeco.com.br\/infantil\/wp-content\/uploads\/2025\/02\/IMG-20250211-WA0024-169x300.jpg\" class=\"attachment-medium size-medium wp-image-1430\" alt=\"\" srcset=\"https:\/\/ceibchapeco.com.br\/infantil\/wp-content\/uploads\/2025\/02\/IMG-20250211-WA0024-169x300.jpg 169w, https:\/\/ceibchapeco.com.br\/infantil\/wp-content\/uploads\/2025\/02\/IMG-20250211-WA0024-576x1024.jpg 576w, https:\/\/ceibchapeco.com.br\/infantil\/wp-content\/uploads\/2025\/02\/IMG-20250211-WA0024-768x1365.jpg 768w, https:\/\/ceibchapeco.com.br\/infantil\/wp-content\/uploads\/2025\/02\/IMG-20250211-WA0024-864x1536.jpg 864w, https:\/\/ceibchapeco.com.br\/infantil\/wp-content\/uploads\/2025\/02\/IMG-20250211-WA0024.jpg 900w\" sizes=\"(max-width: 169px) 100vw, 169px\" \/><\/div>\n\t\t<\/a>\n\t\t\t\t<div class=\"elementor-post__text\">\n\t\t\t\t<h3 class=\"elementor-post__title\">\n\t\t\t<a href=\"https:\/\/ceibchapeco.com.br\/infantil\/diferencia-pedagogic\/contra-turno-escolar\/\" >\n\t\t\t\tCONTRATURNO ESCOLAR\t\t\t<\/a>\n\t\t<\/h3>\n\t\t\t\t<div class=\"elementor-post__excerpt\">\n\t\t\t\t\t<\/div>\n\t\t\n\t\t<a class=\"elementor-post__read-more\" href=\"https:\/\/ceibchapeco.com.br\/infantil\/diferencia-pedagogic\/contra-turno-escolar\/\" aria-label=\"Read more about CONTRATURNO ESCOLAR\" tabindex=\"-1\" >\n\t\t\tVeja mais \u00bb\t\t<\/a>\n\n\t\t\t\t<\/div>\n\t\t\t\t<\/article>\n\t\t\t\t<article class=\"elementor-post elementor-grid-item post-1410 diferencias-pedagogi type-diferencias-pedagogi status-publish has-post-thumbnail hentry\">\n\t\t\t\t<a class=\"elementor-post__thumbnail__link\" href=\"https:\/\/ceibchapeco.com.br\/infantil\/diferencia-pedagogic\/volta-as-aulas-2025\/\" tabindex=\"-1\" >\n\t\t\t<div class=\"elementor-post__thumbnail\"><img decoding=\"async\" width=\"225\" height=\"300\" src=\"https:\/\/ceibchapeco.com.br\/infantil\/wp-content\/uploads\/2025\/02\/IMG-20250204-WA0053-225x300.jpg\" class=\"attachment-medium size-medium wp-image-1387\" alt=\"\" srcset=\"https:\/\/ceibchapeco.com.br\/infantil\/wp-content\/uploads\/2025\/02\/IMG-20250204-WA0053-225x300.jpg 225w, https:\/\/ceibchapeco.com.br\/infantil\/wp-content\/uploads\/2025\/02\/IMG-20250204-WA0053-768x1024.jpg 768w, https:\/\/ceibchapeco.com.br\/infantil\/wp-content\/uploads\/2025\/02\/IMG-20250204-WA0053-1152x1536.jpg 1152w, https:\/\/ceibchapeco.com.br\/infantil\/wp-content\/uploads\/2025\/02\/IMG-20250204-WA0053.jpg 1200w\" sizes=\"(max-width: 225px) 100vw, 225px\" \/><\/div>\n\t\t<\/a>\n\t\t\t\t<div class=\"elementor-post__text\">\n\t\t\t\t<h3 class=\"elementor-post__title\">\n\t\t\t<a href=\"https:\/\/ceibchapeco.com.br\/infantil\/diferencia-pedagogic\/volta-as-aulas-2025\/\" >\n\t\t\t\tVOLTA \u00c0S AULAS 2025\t\t\t<\/a>\n\t\t<\/h3>\n\t\t\t\t<div class=\"elementor-post__excerpt\">\n\t\t\t\t\t<\/div>\n\t\t\n\t\t<a class=\"elementor-post__read-more\" href=\"https:\/\/ceibchapeco.com.br\/infantil\/diferencia-pedagogic\/volta-as-aulas-2025\/\" aria-label=\"Read more about VOLTA \u00c0S AULAS 2025\" tabindex=\"-1\" >\n\t\t\tVeja mais \u00bb\t\t<\/a>\n\n\t\t\t\t<\/div>\n\t\t\t\t<\/article>\n\t\t\t\t<article class=\"elementor-post elementor-grid-item post-1359 diferencias-pedagogi type-diferencias-pedagogi status-publish hentry\">\n\t\t\t\t<div class=\"elementor-post__text\">\n\t\t\t\t<h3 class=\"elementor-post__title\">\n\t\t\t<a href=\"https:\/\/ceibchapeco.com.br\/infantil\/diferencia-pedagogic\/aula-de-libras\/\" >\n\t\t\t\tAULA DE LIBRAS\t\t\t<\/a>\n\t\t<\/h3>\n\t\t\t\t<div class=\"elementor-post__excerpt\">\n\t\t\t\t\t<\/div>\n\t\t\n\t\t<a class=\"elementor-post__read-more\" href=\"https:\/\/ceibchapeco.com.br\/infantil\/diferencia-pedagogic\/aula-de-libras\/\" aria-label=\"Read more about AULA DE LIBRAS\" tabindex=\"-1\" >\n\t\t\tVeja mais \u00bb\t\t<\/a>\n\n\t\t\t\t<\/div>\n\t\t\t\t<\/article>\n\t\t\t\t<article class=\"elementor-post elementor-grid-item post-910 diferencias-pedagogi type-diferencias-pedagogi status-publish has-post-thumbnail hentry\">\n\t\t\t\t<a class=\"elementor-post__thumbnail__link\" href=\"https:\/\/ceibchapeco.com.br\/infantil\/diferencia-pedagogic\/aula-de-musica\/\" tabindex=\"-1\" >\n\t\t\t<div class=\"elementor-post__thumbnail\"><img decoding=\"async\" width=\"300\" height=\"135\" src=\"https:\/\/ceibchapeco.com.br\/infantil\/wp-content\/uploads\/2024\/08\/IMG-20240813-WA0014-300x135.jpg\" class=\"attachment-medium size-medium wp-image-912\" alt=\"\" srcset=\"https:\/\/ceibchapeco.com.br\/infantil\/wp-content\/uploads\/2024\/08\/IMG-20240813-WA0014-300x135.jpg 300w, https:\/\/ceibchapeco.com.br\/infantil\/wp-content\/uploads\/2024\/08\/IMG-20240813-WA0014-1024x461.jpg 1024w, https:\/\/ceibchapeco.com.br\/infantil\/wp-content\/uploads\/2024\/08\/IMG-20240813-WA0014-768x346.jpg 768w, https:\/\/ceibchapeco.com.br\/infantil\/wp-content\/uploads\/2024\/08\/IMG-20240813-WA0014-1536x692.jpg 1536w, https:\/\/ceibchapeco.com.br\/infantil\/wp-content\/uploads\/2024\/08\/IMG-20240813-WA0014.jpg 1600w\" sizes=\"(max-width: 300px) 100vw, 300px\" \/><\/div>\n\t\t<\/a>\n\t\t\t\t<div class=\"elementor-post__text\">\n\t\t\t\t<h3 class=\"elementor-post__title\">\n\t\t\t<a href=\"https:\/\/ceibchapeco.com.br\/infantil\/diferencia-pedagogic\/aula-de-musica\/\" >\n\t\t\t\tAULA DE M\u00daSICA\t\t\t<\/a>\n\t\t<\/h3>\n\t\t\t\t<div class=\"elementor-post__excerpt\">\n\t\t\t\t\t<\/div>\n\t\t\n\t\t<a class=\"elementor-post__read-more\" href=\"https:\/\/ceibchapeco.com.br\/infantil\/diferencia-pedagogic\/aula-de-musica\/\" aria-label=\"Read more about AULA DE M\u00daSICA\" tabindex=\"-1\" >\n\t\t\tVeja mais \u00bb\t\t<\/a>\n\n\t\t\t\t<\/div>\n\t\t\t\t<\/article>\n\t\t\t\t<article class=\"elementor-post elementor-grid-item post-822 diferencias-pedagogi type-diferencias-pedagogi status-publish has-post-thumbnail hentry\">\n\t\t\t\t<a class=\"elementor-post__thumbnail__link\" href=\"https:\/\/ceibchapeco.com.br\/infantil\/diferencia-pedagogic\/aula-de-ingles\/\" tabindex=\"-1\" >\n\t\t\t<div class=\"elementor-post__thumbnail\"><img loading=\"lazy\" decoding=\"async\" width=\"225\" height=\"300\" src=\"https:\/\/ceibchapeco.com.br\/infantil\/wp-content\/uploads\/2024\/08\/IMG-20240709-WA0025-225x300.jpg\" class=\"attachment-medium size-medium wp-image-830\" alt=\"\" srcset=\"https:\/\/ceibchapeco.com.br\/infantil\/wp-content\/uploads\/2024\/08\/IMG-20240709-WA0025-225x300.jpg 225w, https:\/\/ceibchapeco.com.br\/infantil\/wp-content\/uploads\/2024\/08\/IMG-20240709-WA0025-768x1024.jpg 768w, https:\/\/ceibchapeco.com.br\/infantil\/wp-content\/uploads\/2024\/08\/IMG-20240709-WA0025-1152x1536.jpg 1152w, https:\/\/ceibchapeco.com.br\/infantil\/wp-content\/uploads\/2024\/08\/IMG-20240709-WA0025.jpg 1200w\" sizes=\"(max-width: 225px) 100vw, 225px\" \/><\/div>\n\t\t<\/a>\n\t\t\t\t<div class=\"elementor-post__text\">\n\t\t\t\t<h3 class=\"elementor-post__title\">\n\t\t\t<a href=\"https:\/\/ceibchapeco.com.br\/infantil\/diferencia-pedagogic\/aula-de-ingles\/\" >\n\t\t\t\tAULA DE INGL\u00caS E ESPANHOL\t\t\t<\/a>\n\t\t<\/h3>\n\t\t\t\t<div class=\"elementor-post__excerpt\">\n\t\t\t\t\t<\/div>\n\t\t\n\t\t<a class=\"elementor-post__read-more\" href=\"https:\/\/ceibchapeco.com.br\/infantil\/diferencia-pedagogic\/aula-de-ingles\/\" aria-label=\"Read more about AULA DE INGL\u00caS E ESPANHOL\" tabindex=\"-1\" >\n\t\t\tVeja mais \u00bb\t\t<\/a>\n\n\t\t\t\t<\/div>\n\t\t\t\t<\/article>\n\t\t\t\t<article class=\"elementor-post elementor-grid-item post-727 diferencias-pedagogi type-diferencias-pedagogi status-publish has-post-thumbnail hentry\">\n\t\t\t\t<a class=\"elementor-post__thumbnail__link\" href=\"https:\/\/ceibchapeco.com.br\/infantil\/diferencia-pedagogic\/aulas-de-educacao-fisica\/\" tabindex=\"-1\" >\n\t\t\t<div class=\"elementor-post__thumbnail\"><img loading=\"lazy\" decoding=\"async\" width=\"300\" height=\"225\" src=\"https:\/\/ceibchapeco.com.br\/infantil\/wp-content\/uploads\/2024\/04\/IMG-20240319-WA0002-300x225.jpg\" class=\"attachment-medium size-medium wp-image-730\" alt=\"\" srcset=\"https:\/\/ceibchapeco.com.br\/infantil\/wp-content\/uploads\/2024\/04\/IMG-20240319-WA0002-300x225.jpg 300w, https:\/\/ceibchapeco.com.br\/infantil\/wp-content\/uploads\/2024\/04\/IMG-20240319-WA0002-1024x768.jpg 1024w, https:\/\/ceibchapeco.com.br\/infantil\/wp-content\/uploads\/2024\/04\/IMG-20240319-WA0002-768x576.jpg 768w, https:\/\/ceibchapeco.com.br\/infantil\/wp-content\/uploads\/2024\/04\/IMG-20240319-WA0002.jpg 1280w\" sizes=\"(max-width: 300px) 100vw, 300px\" \/><\/div>\n\t\t<\/a>\n\t\t\t\t<div class=\"elementor-post__text\">\n\t\t\t\t<h3 class=\"elementor-post__title\">\n\t\t\t<a href=\"https:\/\/ceibchapeco.com.br\/infantil\/diferencia-pedagogic\/aulas-de-educacao-fisica\/\" >\n\t\t\t\tAULAS DE EDUCA\u00c7\u00c3O F\u00cdSICA\t\t\t<\/a>\n\t\t<\/h3>\n\t\t\t\t<div class=\"elementor-post__excerpt\">\n\t\t\t\t\t<\/div>\n\t\t\n\t\t<a class=\"elementor-post__read-more\" href=\"https:\/\/ceibchapeco.com.br\/infantil\/diferencia-pedagogic\/aulas-de-educacao-fisica\/\" aria-label=\"Read more about AULAS DE EDUCA\u00c7\u00c3O F\u00cdSICA\" tabindex=\"-1\" >\n\t\t\tVeja mais \u00bb\t\t<\/a>\n\n\t\t\t\t<\/div>\n\t\t\t\t<\/article>\n\t\t\t\t<\/div>\n\t\t\n\t\t\t\t<\/div>\n\t\t\t\t<\/div>\n\t\t\t\t\t<\/div>\n\t\t\t\t<\/div>\n\t\t\t\t\t\t\t<\/div>\n\t\t","protected":false},"excerpt":{"rendered":"<p>Diferenciais Pedag\u00f3gicos<\/p>\n","protected":false},"author":1,"featured_media":0,"parent":0,"menu_order":0,"comment_status":"closed","ping_status":"closed","template":"elementor_header_footer","meta":{"footnotes":""},"_links":{"self":[{"href":"https:\/\/ceibchapeco.com.br\/infantil\/wp-json\/wp\/v2\/pages\/28"}],"collection":[{"href":"https:\/\/ceibchapeco.com.br\/infantil\/wp-json\/wp\/v2\/pages"}],"about":[{"href":"https:\/\/ceibchapeco.com.br\/infantil\/wp-json\/wp\/v2\/types\/page"}],"author":[{"embeddable":true,"href":"https:\/\/ceibchapeco.com.br\/infantil\/wp-json\/wp\/v2\/users\/1"}],"replies":[{"embeddable":true,"href":"https:\/\/ceibchapeco.com.br\/infantil\/wp-json\/wp\/v2\/comments?post=28"}],"version-history":[{"count":0,"href":"https:\/\/ceibchapeco.com.br\/infantil\/wp-json\/wp\/v2\/pages\/28\/revisions"}],"wp:attachment":[{"href":"https:\/\/ceibchapeco.com.br\/infantil\/wp-json\/wp\/v2\/media?parent=28"}],"curies":[{"name":"wp","href":"https:\/\/api.w.org\/{rel}","templated":true}]}}